{"id":3623,"date":"2026-04-25T14:20:33","date_gmt":"2026-04-25T12:20:33","guid":{"rendered":"https:\/\/inlingua-basel.ch\/?page_id=3623"},"modified":"2026-04-25T14:20:33","modified_gmt":"2026-04-25T12:20:33","slug":"telc-fide","status":"publish","type":"page","link":"https:\/\/inlingua-basel.ch\/en\/telc-fide\/","title":{"rendered":"telc \/ fide"},"content":{"rendered":"<section class=\"l-section wpb_row us_custom_57f5615c height_medium\"><div class=\"l-section-h i-cf\"><div class=\"g-cols vc_row via_flex valign_middle type_default stacking_default\"><div class=\"vc_col-sm-6 wpb_column vc_column_container has_bg_color\"><div class=\"vc_column-inner us_custom_d8241b47\"><div class=\"wpb_wrapper\"><div class=\"w-image ilbs-full-width align_none\"><div class=\"w-image-h\"><img decoding=\"async\" width=\"1080\" height=\"1080\" src=\"https:\/\/inlingua-basel.ch\/wp-content\/uploads\/telc_fide_header.png\" class=\"attachment-full size-full\" alt=\"\" loading=\"lazy\" srcset=\"https:\/\/inlingua-basel.ch\/wp-content\/uploads\/telc_fide_header.png 1080w, https:\/\/inlingua-basel.ch\/wp-content\/uploads\/telc_fide_header-300x300.png 300w, https:\/\/inlingua-basel.ch\/wp-content\/uploads\/telc_fide_header-1024x1024.png 1024w, https:\/\/inlingua-basel.ch\/wp-content\/uploads\/telc_fide_header-150x150.png 150w\" sizes=\"auto, (max-width: 1080px) 100vw, 1080px\" \/><\/div><\/div><\/div><\/div><\/div><div class=\"vc_col-sm-6 wpb_column vc_column_container has_bg_color\"><div class=\"vc_column-inner us_custom_ac41ba75\"><div class=\"wpb_wrapper\">[vc_custom_heading text=&#8221;inlingua Basel&#8221; font_container=&#8221;tag:h2|text_align:center&#8221; use_theme_fonts=&#8221;yes&#8221; css=&#8221;%7B%22default%22%3A%7B%22color%22%3A%22%23ffffff%22%7D%7D&#8221;][vc_custom_heading text=&#8221;telc \/ fide&#8221; font_container=&#8221;tag:h1|text_align:center&#8221; use_theme_fonts=&#8221;yes&#8221; css=&#8221;%7B%22default%22%3A%7B%22color%22%3A%22%23ffffff%22%7D%7D&#8221;][vc_custom_heading text=&#8221;Basel speaks inlingua&#8221; font_container=&#8221;tag:h2|text_align:center&#8221; use_theme_fonts=&#8221;yes&#8221; css=&#8221;%7B%22default%22%3A%7B%22color%22%3A%22%23ffffff%22%7D%7D&#8221;]<\/div><\/div><\/div><\/div><\/div><\/section><section class=\"l-section wpb_row height_medium\"><div class=\"l-section-h i-cf\"><div class=\"g-cols vc_row via_flex valign_top type_default stacking_default\"><div class=\"vc_col-sm-12 wpb_column vc_column_container\"><div class=\"vc_column-inner\"><div class=\"wpb_wrapper\">[vc_custom_heading text=&#8221;telc \/ fide&#8221; font_container=&#8221;tag:h3|text_align:left&#8221; use_theme_fonts=&#8221;yes&#8221;]<div class=\"wpb_text_column\"><div class=\"wpb_wrapper\"><p>Viele Menschen m\u00fcssen ihre Sprachkenntnisse durch eine anerkannte Pr\u00fcfung nachweisen. Inlingua Basel ist sowohl f\u00fcr telc als auch f\u00fcr fide akkreditiert, sodass Sie die Pr\u00fcfung w\u00e4hlen k\u00f6nnen, die Ihren Bed\u00fcrfnissen am besten entspricht.<\/p>\n<\/div><\/div><div class=\"wpb_text_column\"><div class=\"wpb_wrapper\"><\/div><\/div><div class=\"w-btn-wrapper align_none\"><a class=\"w-btn us-btn-style_1\" href=\"https:\/\/inlingua-basel.ch\/telc\"><span class=\"w-btn-label\">telc<\/span><\/a><\/div><div class=\"w-btn-wrapper align_none\"><a class=\"w-btn us-btn-style_1\" href=\"https:\/\/inlingua-basel.ch\/fide\"><span class=\"w-btn-label\">fide<\/span><\/a><\/div><\/div><\/div><\/div><\/div><\/div><\/section><section class=\"l-section wpb_row height_medium\"><div class=\"l-section-h i-cf\"><div class=\"g-cols vc_row via_flex valign_top type_default stacking_default\"><div class=\"vc_col-sm-12 wpb_column vc_column_container\"><div class=\"vc_column-inner\"><div class=\"wpb_wrapper\">[vc_custom_heading text=&#8221;Vergleich&#8221; font_container=&#8221;tag:h4|text_align:left&#8221; use_theme_fonts=&#8221;yes&#8221;]<div class=\"wpb_text_column\"><div class=\"wpb_wrapper\"><p>Welche Pr\u00fcfung ist die richtige f\u00fcr Sie? Die Pr\u00fcfungen unterscheiden sich stark voneinander; die wichtigsten Unterschiede zwischen telc und fide sind hier zusammengefasst:<\/p>\n<\/div><\/div><\/div><\/div><\/div><\/div><\/div><\/section><section class=\"l-section wpb_row hide_on_default hide_on_laptops height_medium\"><div class=\"l-section-h i-cf\"><div class=\"g-cols vc_row via_flex valign_top type_default stacking_default\"><div class=\"vc_col-sm-12 wpb_column vc_column_container\"><div class=\"vc_column-inner\"><div class=\"wpb_wrapper\">[vc_custom_heading text=&#8221;telc&#8221; font_container=&#8221;tag:h4|text_align:left&#8221; use_theme_fonts=&#8221;yes&#8221; link=&#8221;url:https%3A%2F%2Finlingua-basel.ch%2Ftelc%2F|title:telc&#8221;]<div class=\"wpb_text_column\"><div class=\"wpb_wrapper\"><p><strong>G\u00fcltigkeit<\/strong><\/p>\n<ul>\n<li>Weltweit<\/li>\n<\/ul>\n<\/div><\/div><div class=\"wpb_text_column\"><div class=\"wpb_wrapper\"><p><strong>Teilnehmer<\/strong><\/p>\n<ul>\n<li>Keine Altersbeschr\u00e4nkungen<\/li>\n<li>Empfohlen ab 18 Jahren<\/li>\n<li>F\u00fcr lerngewohnte Lerner<\/li>\n<li>F\u00fcr j\u00fcngere: eigene Pr\u00fcfungsformate (z.B. telc Schule)<\/li>\n<\/ul>\n<\/div><\/div><div class=\"wpb_text_column\"><div class=\"wpb_wrapper\"><p><strong>Niveaus<\/strong><\/p>\n<ul>\n<li>A1-C2<\/li>\n<li>Kombinierte Pr\u00fcfung: A2\/B1<\/li>\n<\/ul>\n<\/div><\/div><div class=\"wpb_text_column\"><div class=\"wpb_wrapper\"><p><strong>Kosten<\/strong><\/p>\n<ul>\n<li>A1: CHF 180.00<\/li>\n<li>A2: CHF 198.00<\/li>\n<li>B1: CHF 288.00<\/li>\n<li>B2: CHF 328.00<\/li>\n<li>C1\/C2 HS: CHF 590.00 (Privatpr\u00fcfung)<\/li>\n<li>C2: CHF 590.00 (Privatpr\u00fcfung)<\/li>\n<\/ul>\n<p><strong>Kosten (Teilpr\u00fcfungen)<\/strong><\/p>\n<ul>\n<li>B-Niveaus: CHF 190.00<\/li>\n<li>C1: CHF 490.00 (Privatpr\u00fcfung)<\/li>\n<li>Kombinierte Pr\u00fcfung A2\/B1: CHF 325.00<\/li>\n<\/ul>\n<\/div><\/div><div class=\"wpb_text_column\"><div class=\"wpb_wrapper\"><p><strong>Ideal f\u00fcr<\/strong><\/p>\n<ul>\n<li>Alle, die ihr Sprachniveau Deutsch f\u00fcr Hochschulen, Arbeitgeber oder beim Einb\u00fcrgerungsverfahren nachweisen m\u00fcssen<\/li>\n<\/ul>\n<\/div><\/div><div class=\"w-btn-wrapper align_none\"><a class=\"w-btn us-btn-style_1\" href=\"https:\/\/inlingua-basel.ch\/telc\"><span class=\"w-btn-label\">telc<\/span><\/a><\/div><\/div><\/div><\/div><\/div><\/div><\/section><section class=\"l-section wpb_row hide_on_default hide_on_laptops height_medium\"><div class=\"l-section-h i-cf\"><div class=\"g-cols vc_row via_flex valign_top type_default stacking_default\"><div class=\"vc_col-sm-12 wpb_column vc_column_container\"><div class=\"vc_column-inner\"><div class=\"wpb_wrapper\">[vc_custom_heading text=&#8221;fide&#8221; font_container=&#8221;tag:h4|text_align:left&#8221; use_theme_fonts=&#8221;yes&#8221; link=&#8221;url:https%3A%2F%2Finlingua-basel.ch%2Ffide%2F|title:fide&#8221;]<div class=\"wpb_text_column\"><div class=\"wpb_wrapper\"><p><strong>G\u00fcltigkeit<\/strong><\/p>\n<ul>\n<li>Schweizweit<\/li>\n<li>Wird in vielen Kantonen f\u00fcr die Einb\u00fcrgerung gefordert<\/li>\n<\/ul>\n<\/div><\/div><div class=\"wpb_text_column\"><div class=\"wpb_wrapper\"><p><strong>Teilnehmer<\/strong><\/p>\n<ul>\n<li>Auch f\u00fcr lernungewohnte Personen geeignet<\/li>\n<\/ul>\n<\/div><\/div><div class=\"wpb_text_column\"><div class=\"wpb_wrapper\"><p><strong>Niveaus<\/strong><\/p>\n<ul>\n<li>A1-B1<\/li>\n<\/ul>\n<\/div><\/div><div class=\"wpb_text_column\"><div class=\"wpb_wrapper\"><p><strong>Kosten (Gesamtpr\u00fcfung)<\/strong><\/p>\n<ul>\n<li>CHF 250.00<\/li>\n<\/ul>\n<p><strong>Kosten (Teilpr\u00fcfungen)<\/strong><\/p>\n<ul>\n<li>Sprechen &amp; Verstehen: CHF 170.00<\/li>\n<li>Lesen &amp; Schreiben: CHF 120.00<\/li>\n<\/ul>\n<\/div><\/div><div class=\"wpb_text_column\"><div class=\"wpb_wrapper\"><p><strong>Ideal f\u00fcr<\/strong><\/p>\n<ul>\n<li>Alle, die in der Schweiz eingeb\u00fcrgert werden wollen oder die einen Nachweis f\u00fcr ihre Aufenthaltsbewilligung ben\u00f6tigen und deren Muttersprache nicht Deutsch ist<\/li>\n<\/ul>\n<\/div><\/div><div class=\"w-btn-wrapper align_none\"><a class=\"w-btn us-btn-style_1\" href=\"https:\/\/inlingua-basel.ch\/fide\"><span class=\"w-btn-label\">fide<\/span><\/a><\/div><\/div><\/div><\/div><\/div><\/div><\/section><section class=\"l-section wpb_row hide_on_tablets hide_on_mobiles height_medium\"><div class=\"l-section-h i-cf\"><div class=\"g-cols vc_row via_flex valign_top type_default stacking_default\"><div class=\"vc_col-sm-12 wpb_column vc_column_container\"><div class=\"vc_column-inner\"><div class=\"wpb_wrapper\"><div class=\"g-cols wpb_row us_custom_92b2762d hide_on_tablets hide_on_mobiles via_flex valign_top type_default stacking_default\"><div class=\"vc_col-sm-4 wpb_column vc_column_container\"><div class=\"vc_column-inner\"><div class=\"wpb_wrapper\"><\/div><\/div><\/div><div class=\"vc_col-sm-4 wpb_column vc_column_container\"><div class=\"vc_column-inner\"><div class=\"wpb_wrapper\">[vc_custom_heading text=&#8221;telc&#8221; font_container=&#8221;tag:h4|font_size:2rem|text_align:center&#8221; use_theme_fonts=&#8221;yes&#8221; link=&#8221;url:https%3A%2F%2Finlingua-basel.ch%2Ftelc%2F|title:telc&#8221;]<\/div><\/div><\/div><div class=\"vc_col-sm-4 wpb_column vc_column_container\"><div class=\"vc_column-inner\"><div class=\"wpb_wrapper\">[vc_custom_heading text=&#8221;fide&#8221; font_container=&#8221;tag:h4|font_size:2rem|text_align:center&#8221; use_theme_fonts=&#8221;yes&#8221; link=&#8221;url:https%3A%2F%2Finlingua-basel.ch%2Ffide%2F|title:fide&#8221;]<\/div><\/div><\/div><\/div><div class=\"g-cols wpb_row us_custom_92b2762d hide_on_tablets hide_on_mobiles via_flex valign_top type_default stacking_default\"><div class=\"vc_col-sm-4 wpb_column vc_column_container\"><div class=\"vc_column-inner\"><div class=\"wpb_wrapper\"><div class=\"wpb_text_column\"><div class=\"wpb_wrapper\"><p><strong>G\u00fcltigkeit<\/strong><\/p>\n<\/div><\/div><\/div><\/div><\/div><div class=\"vc_col-sm-4 wpb_column vc_column_container\"><div class=\"vc_column-inner\"><div class=\"wpb_wrapper\"><div class=\"wpb_text_column\"><div class=\"wpb_wrapper\"><ul>\n<li>Weltweit<\/li>\n<\/ul>\n<\/div><\/div><\/div><\/div><\/div><div class=\"vc_col-sm-4 wpb_column vc_column_container\"><div class=\"vc_column-inner\"><div class=\"wpb_wrapper\"><div class=\"wpb_text_column\"><div class=\"wpb_wrapper\"><ul>\n<li>Schweizweit<\/li>\n<li>Wird in vielen Kantonen f\u00fcr die Einb\u00fcrgerung gefordert<\/li>\n<\/ul>\n<\/div><\/div><\/div><\/div><\/div><\/div><div class=\"g-cols wpb_row us_custom_92b2762d hide_on_tablets hide_on_mobiles via_flex valign_top type_default stacking_default\"><div class=\"vc_col-sm-4 wpb_column vc_column_container\"><div class=\"vc_column-inner\"><div class=\"wpb_wrapper\"><div class=\"wpb_text_column\"><div class=\"wpb_wrapper\"><p><strong>Teilnehmer<\/strong><\/p>\n<\/div><\/div><\/div><\/div><\/div><div class=\"vc_col-sm-4 wpb_column vc_column_container\"><div class=\"vc_column-inner\"><div class=\"wpb_wrapper\"><div class=\"wpb_text_column\"><div class=\"wpb_wrapper\"><ul>\n<li>Keine Altersbeschr\u00e4nkungen<\/li>\n<li>Empfohlen ab 18 Jahren<\/li>\n<li>F\u00fcr lerngewohnte Lerner<\/li>\n<li>F\u00fcr j\u00fcngere: eigene Pr\u00fcfungsformate (z.B. telc Schule)<\/li>\n<\/ul>\n<\/div><\/div><\/div><\/div><\/div><div class=\"vc_col-sm-4 wpb_column vc_column_container\"><div class=\"vc_column-inner\"><div class=\"wpb_wrapper\"><div class=\"wpb_text_column\"><div class=\"wpb_wrapper\"><ul>\n<li>Auch f\u00fcr lernungewohnte Personen geeignet<\/li>\n<\/ul>\n<\/div><\/div><\/div><\/div><\/div><\/div><div class=\"g-cols wpb_row us_custom_92b2762d hide_on_tablets hide_on_mobiles via_flex valign_top type_default stacking_default\"><div class=\"vc_col-sm-4 wpb_column vc_column_container\"><div class=\"vc_column-inner\"><div class=\"wpb_wrapper\"><div class=\"wpb_text_column\"><div class=\"wpb_wrapper\"><p><strong>Niveaus<\/strong><\/p>\n<\/div><\/div><\/div><\/div><\/div><div class=\"vc_col-sm-4 wpb_column vc_column_container\"><div class=\"vc_column-inner\"><div class=\"wpb_wrapper\"><div class=\"wpb_text_column\"><div class=\"wpb_wrapper\"><ul>\n<li>A1-C2<\/li>\n<li>Kombinierte Pr\u00fcfung: A2\/B1<\/li>\n<\/ul>\n<\/div><\/div><\/div><\/div><\/div><div class=\"vc_col-sm-4 wpb_column vc_column_container\"><div class=\"vc_column-inner\"><div class=\"wpb_wrapper\"><div class=\"wpb_text_column\"><div class=\"wpb_wrapper\"><ul>\n<li>A1-B1<\/li>\n<\/ul>\n<\/div><\/div><\/div><\/div><\/div><\/div><div class=\"g-cols wpb_row us_custom_92b2762d hide_on_tablets hide_on_mobiles via_flex valign_top type_default stacking_default\"><div class=\"vc_col-sm-4 wpb_column vc_column_container\"><div class=\"vc_column-inner\"><div class=\"wpb_wrapper\"><div class=\"wpb_text_column\"><div class=\"wpb_wrapper\"><p><strong>Kosten (Gesamtpr\u00fcfung)<\/strong><\/p>\n<\/div><\/div><\/div><\/div><\/div><div class=\"vc_col-sm-4 wpb_column vc_column_container\"><div class=\"vc_column-inner\"><div class=\"wpb_wrapper\"><div class=\"wpb_text_column\"><div class=\"wpb_wrapper\"><ul>\n<li>A1: CHF 180.00<\/li>\n<li>A2: CHF 198.00<\/li>\n<li>B1: CHF 288.00<\/li>\n<li>B2: CHF 328.00<\/li>\n<li>C1\/C2 HS: CHF 590.00 (Privatpr\u00fcfung)<\/li>\n<li>C2: CHF 590.00 (Privatpr\u00fcfung)<\/li>\n<\/ul>\n<\/div><\/div><\/div><\/div><\/div><div class=\"vc_col-sm-4 wpb_column vc_column_container\"><div class=\"vc_column-inner\"><div class=\"wpb_wrapper\"><div class=\"wpb_text_column\"><div class=\"wpb_wrapper\"><ul>\n<li>CHF 250.00<\/li>\n<\/ul>\n<\/div><\/div><\/div><\/div><\/div><\/div><div class=\"g-cols wpb_row us_custom_92b2762d hide_on_tablets hide_on_mobiles via_flex valign_top type_default stacking_default\"><div class=\"vc_col-sm-4 wpb_column vc_column_container\"><div class=\"vc_column-inner\"><div class=\"wpb_wrapper\"><div class=\"wpb_text_column\"><div class=\"wpb_wrapper\"><p><strong>Kosten (Teilpr\u00fcfungen)<\/strong><\/p>\n<\/div><\/div><\/div><\/div><\/div><div class=\"vc_col-sm-4 wpb_column vc_column_container\"><div class=\"vc_column-inner\"><div class=\"wpb_wrapper\"><div class=\"wpb_text_column\"><div class=\"wpb_wrapper\"><ul>\n<li>B-Niveaus: CHF 190.00<\/li>\n<li>C1: CHF 490.00 (Privatpr\u00fcfung)<\/li>\n<li>Kombinierte Pr\u00fcfung A2\/B1: CHF 325.00<\/li>\n<\/ul>\n<\/div><\/div><\/div><\/div><\/div><div class=\"vc_col-sm-4 wpb_column vc_column_container\"><div class=\"vc_column-inner\"><div class=\"wpb_wrapper\"><div class=\"wpb_text_column\"><div class=\"wpb_wrapper\"><ul>\n<li>Sprechen &amp; Verstehen: CHF 170.00<\/li>\n<li>Lesen &amp; Schreiben: CHF 120.00<\/li>\n<\/ul>\n<\/div><\/div><\/div><\/div><\/div><\/div><div class=\"g-cols wpb_row us_custom_92b2762d hide_on_tablets hide_on_mobiles via_flex valign_top type_default stacking_default\"><div class=\"vc_col-sm-4 wpb_column vc_column_container\"><div class=\"vc_column-inner\"><div class=\"wpb_wrapper\"><div class=\"wpb_text_column\"><div class=\"wpb_wrapper\"><p><strong>Ideal f\u00fcr<\/strong><\/p>\n<\/div><\/div><\/div><\/div><\/div><div class=\"vc_col-sm-4 wpb_column vc_column_container\"><div class=\"vc_column-inner\"><div class=\"wpb_wrapper\"><div class=\"wpb_text_column\"><div class=\"wpb_wrapper\"><ul>\n<li>Alle, die ihr Sprachniveau Deutsch f\u00fcr Hochschulen, Arbeitgeber oder beim Einb\u00fcrgerungsverfahren nachweisen m\u00fcssen<\/li>\n<\/ul>\n<\/div><\/div><\/div><\/div><\/div><div class=\"vc_col-sm-4 wpb_column vc_column_container\"><div class=\"vc_column-inner\"><div class=\"wpb_wrapper\"><div class=\"wpb_text_column\"><div class=\"wpb_wrapper\"><ul>\n<li>Alle, die in der Schweiz eingeb\u00fcrgert werden wollen oder die einen Nachweis f\u00fcr ihre Aufenthaltsbewilligung ben\u00f6tigen und deren Muttersprache nicht Deutsch ist<\/li>\n<\/ul>\n<\/div><\/div><\/div><\/div><\/div><\/div><div class=\"g-cols wpb_row hide_on_tablets hide_on_mobiles via_flex valign_top type_default stacking_default\"><div class=\"vc_col-sm-4 wpb_column vc_column_container\"><div class=\"vc_column-inner\"><div class=\"wpb_wrapper\"><\/div><\/div><\/div><div class=\"vc_col-sm-4 wpb_column vc_column_container\"><div class=\"vc_column-inner\"><div class=\"wpb_wrapper\"><div class=\"w-btn-wrapper align_center\"><a class=\"w-btn us-btn-style_1\" href=\"https:\/\/inlingua-basel.ch\/telc\"><span class=\"w-btn-label\">telc<\/span><\/a><\/div><\/div><\/div><\/div><div class=\"vc_col-sm-4 wpb_column vc_column_container\"><div class=\"vc_column-inner\"><div class=\"wpb_wrapper\"><div class=\"w-btn-wrapper align_center\"><a class=\"w-btn us-btn-style_1\" href=\"https:\/\/inlingua-basel.ch\/fide\"><span class=\"w-btn-label\">fide<\/span><\/a><\/div><\/div><\/div><\/div><\/div><div class=\"wpb_text_column\"><div class=\"wpb_wrapper\"><\/div><\/div><\/div><\/div><\/div><\/div><\/div><\/section><section class=\"l-section wpb_row height_medium\"><div class=\"l-section-h i-cf\"><div class=\"g-cols vc_row via_flex valign_top type_default stacking_default\"><div class=\"vc_col-sm-12 wpb_column vc_column_container\"><div class=\"vc_column-inner\"><div class=\"wpb_wrapper\"><div class=\"wpb_text_column\"><div class=\"wpb_wrapper\"><p>Einen Vergleich mit weiteren Details finden Sie im folgenden Dokument:<\/p>\n<\/div><\/div><div class=\"w-iconbox us_custom_0a440422 has_text_color iconpos_left style_default color_contrast align_left no_text\"><a target=\"_blank\" rel=\"nofollow\" href=\"\/wp-content\/uploads\/vergleich_telc_fide.pdf\" class=\"w-iconbox-link\" aria-label=\"Vergleich telc \/ fide\"><div class=\"w-iconbox-icon\" style=\"font-size:1.5rem;\"><i class=\"fas fa-file-pdf\"><\/i><\/div><\/a><div class=\"w-iconbox-meta\"><p class=\"w-iconbox-title\"><a target=\"_blank\" rel=\"nofollow\" href=\"\/wp-content\/uploads\/vergleich_telc_fide.pdf\" class=\"w-iconbox-link\" aria-label=\"Vergleich telc \/ fide\">Vergleich telc \/ fide<\/a><\/p><\/div><\/div><\/div><\/div><\/div><\/div><\/div><\/section><section class=\"l-section wpb_row height_medium\"><div class=\"l-section-h i-cf\"><div class=\"g-cols vc_row via_flex valign_top type_default stacking_default\"><div class=\"vc_col-sm-12 wpb_column vc_column_container\"><div class=\"vc_column-inner\"><div class=\"wpb_wrapper\">[vc_custom_heading text=&#8221;Pers\u00f6nliche Beratung&#8221; font_container=&#8221;tag:h3|text_align:left&#8221; use_theme_fonts=&#8221;yes&#8221;]<div class=\"wpb_text_column\"><div class=\"wpb_wrapper\"><p>Gerne nehmen wir uns Zeit f\u00fcr Ihre pers\u00f6nliche Beratung und beantworten Ihre Fragen bez\u00fcglich unserer telc- \/ fide-Angebote.<\/p>\n<\/div><\/div><div class=\"g-cols wpb_row via_flex valign_top type_default stacking_default\"><div class=\"vc_col-sm-6 wpb_column vc_column_container\"><div class=\"vc_column-inner\"><div class=\"wpb_wrapper\"><div class=\"w-person us_custom_214cff5d layout_cards\" itemscope itemtype=\"https:\/\/schema.org\/Person\"><div class=\"w-person-image\"><a href=\"https:\/\/inlingua-basel.ch\/kontakt\/?subject=telc+\/+fide+Supervisor\" class=\"w-person-link\" aria-label=\"Astrid Bachmann\"><img loading=\"lazy\" decoding=\"async\" width=\"283\" height=\"359\" src=\"https:\/\/inlingua-basel.ch\/wp-content\/uploads\/team_astrid.png\" class=\"attachment-full size-full\" alt=\"\" itemprop=\"image\" srcset=\"https:\/\/inlingua-basel.ch\/wp-content\/uploads\/team_astrid.png 283w, https:\/\/inlingua-basel.ch\/wp-content\/uploads\/team_astrid-236x300.png 236w\" sizes=\"auto, (max-width: 283px) 100vw, 283px\" \/><\/a><\/div><div class=\"w-person-content\"><h4 itemprop=\"name\" class=\"w-person-name\"><a href=\"https:\/\/inlingua-basel.ch\/kontakt\/?subject=telc+\/+fide+Supervisor\" class=\"w-person-link\" aria-label=\"Astrid Bachmann\"><span>Astrid Bachmann<\/span><\/a><\/h4><div class=\"w-person-role\" itemprop=\"jobTitle\">telc \/ fide Supervisor<\/div><\/div><\/div><\/div><\/div><\/div><div class=\"vc_col-sm-6 wpb_column vc_column_container\"><div class=\"vc_column-inner\"><div class=\"wpb_wrapper\"><div class=\"w-person us_custom_214cff5d layout_cards\" itemscope itemtype=\"https:\/\/schema.org\/Person\"><div class=\"w-person-image\"><a href=\"https:\/\/inlingua-basel.ch\/kontakt\/?subject=telc+\/+fide+Coordinator\" class=\"w-person-link\" aria-label=\"Emma Kidger\"><img loading=\"lazy\" decoding=\"async\" width=\"283\" height=\"359\" src=\"https:\/\/inlingua-basel.ch\/wp-content\/uploads\/team_emma.png\" class=\"attachment-full size-full\" alt=\"\" itemprop=\"image\" srcset=\"https:\/\/inlingua-basel.ch\/wp-content\/uploads\/team_emma.png 283w, https:\/\/inlingua-basel.ch\/wp-content\/uploads\/team_emma-236x300.png 236w\" sizes=\"auto, (max-width: 283px) 100vw, 283px\" \/><\/a><\/div><div class=\"w-person-content\"><h4 itemprop=\"name\" class=\"w-person-name\"><a href=\"https:\/\/inlingua-basel.ch\/kontakt\/?subject=telc+\/+fide+Coordinator\" class=\"w-person-link\" aria-label=\"Emma Kidger\"><span>Emma Kidger<\/span><\/a><\/h4><div class=\"w-person-role\" itemprop=\"jobTitle\">telc \/ fide Coordinator<\/div><\/div><\/div><\/div><\/div><\/div><\/div><\/div><\/div><\/div><\/div><\/div><\/section>\n","protected":false},"excerpt":{"rendered":"[vc_custom_heading text=\"inlingua Basel\" font_container=\"tag:h2|text_align:center\" use_theme_fonts=\"yes\" css=\"%7B%22default%22%3A%7B%22color%22%3A%22%23ffffff%22%7D%7D\"][vc_custom_heading text=\"telc \/ fide\" font_container=\"tag:h1|text_align:center\" use_theme_fonts=\"yes\" css=\"%7B%22default%22%3A%7B%22color%22%3A%22%23ffffff%22%7D%7D\"][vc_custom_heading text=\"Basel speaks inlingua\" font_container=\"tag:h2|text_align:center\" use_theme_fonts=\"yes\" css=\"%7B%22default%22%3A%7B%22color%22%3A%22%23ffffff%22%7D%7D\"][vc_custom_heading text=\"telc \/ fide\" font_container=\"tag:h3|text_align:left\" use_theme_fonts=\"yes\"]Viele Menschen m\u00fcssen ihre Sprachkenntnisse durch eine anerkannte Pr\u00fcfung nachweisen. Inlingua Basel ist sowohl f\u00fcr telc als auch f\u00fcr fide akkreditiert, sodass Sie die Pr\u00fcfung w\u00e4hlen k\u00f6nnen, die Ihren Bed\u00fcrfnissen am besten entspricht....","protected":false},"author":1,"featured_media":0,"parent":0,"menu_order":0,"comment_status":"closed","ping_status":"closed","template":"","meta":{"footnotes":""},"class_list":["post-3623","page","type-page","status-publish","hentry"],"_links":{"self":[{"href":"https:\/\/inlingua-basel.ch\/en\/wp-json\/wp\/v2\/pages\/3623","targetHints":{"allow":["GET"]}}],"collection":[{"href":"https:\/\/inlingua-basel.ch\/en\/wp-json\/wp\/v2\/pages"}],"about":[{"href":"https:\/\/inlingua-basel.ch\/en\/wp-json\/wp\/v2\/types\/page"}],"author":[{"embeddable":true,"href":"https:\/\/inlingua-basel.ch\/en\/wp-json\/wp\/v2\/users\/1"}],"replies":[{"embeddable":true,"href":"https:\/\/inlingua-basel.ch\/en\/wp-json\/wp\/v2\/comments?post=3623"}],"version-history":[{"count":5,"href":"https:\/\/inlingua-basel.ch\/en\/wp-json\/wp\/v2\/pages\/3623\/revisions"}],"predecessor-version":[{"id":3628,"href":"https:\/\/inlingua-basel.ch\/en\/wp-json\/wp\/v2\/pages\/3623\/revisions\/3628"}],"wp:attachment":[{"href":"https:\/\/inlingua-basel.ch\/en\/wp-json\/wp\/v2\/media?parent=3623"}],"curies":[{"name":"wp","href":"https:\/\/api.w.org\/{rel}","templated":true}]}}