{"id":3629,"date":"2026-04-25T14:21:51","date_gmt":"2026-04-25T12:21:51","guid":{"rendered":"https:\/\/inlingua-basel.ch\/?page_id=3629"},"modified":"2026-04-25T14:21:51","modified_gmt":"2026-04-25T12:21:51","slug":"fide","status":"publish","type":"page","link":"https:\/\/inlingua-basel.ch\/en\/telc-fide\/fide\/","title":{"rendered":"fide"},"content":{"rendered":"<section class=\"l-section wpb_row us_custom_57f5615c height_medium\"><div class=\"l-section-h i-cf\"><div class=\"g-cols vc_row via_flex valign_middle type_default stacking_default\"><div class=\"vc_col-sm-6 wpb_column vc_column_container has_bg_color\"><div class=\"vc_column-inner us_custom_d8241b47\"><div class=\"wpb_wrapper\"><div class=\"w-image us_custom_4fb9e5a3 ilbs-full-width align_none has_bg_color\"><div class=\"w-image-h\"><img decoding=\"async\" width=\"950\" height=\"950\" src=\"https:\/\/inlingua-basel.ch\/wp-content\/uploads\/fide_header.png\" class=\"attachment-full size-full\" alt=\"\" loading=\"lazy\" srcset=\"https:\/\/inlingua-basel.ch\/wp-content\/uploads\/fide_header.png 950w, https:\/\/inlingua-basel.ch\/wp-content\/uploads\/fide_header-300x300.png 300w, https:\/\/inlingua-basel.ch\/wp-content\/uploads\/fide_header-150x150.png 150w\" sizes=\"auto, (max-width: 950px) 100vw, 950px\" \/><\/div><\/div><\/div><\/div><\/div><div class=\"vc_col-sm-6 wpb_column vc_column_container has_bg_color\"><div class=\"vc_column-inner us_custom_ac41ba75\"><div class=\"wpb_wrapper\">[vc_custom_heading text=&#8221;inlingua Basel&#8221; font_container=&#8221;tag:h2|text_align:center&#8221; use_theme_fonts=&#8221;yes&#8221; css=&#8221;%7B%22default%22%3A%7B%22color%22%3A%22%23ffffff%22%7D%7D&#8221;][vc_custom_heading text=&#8221;fide&#8221; font_container=&#8221;tag:h1|text_align:center&#8221; use_theme_fonts=&#8221;yes&#8221; css=&#8221;%7B%22default%22%3A%7B%22color%22%3A%22%23ffffff%22%7D%7D&#8221;][vc_custom_heading text=&#8221;Basel speaks inlingua&#8221; font_container=&#8221;tag:h2|text_align:center&#8221; use_theme_fonts=&#8221;yes&#8221; css=&#8221;%7B%22default%22%3A%7B%22color%22%3A%22%23ffffff%22%7D%7D&#8221;]<\/div><\/div><\/div><\/div><\/div><\/section><section class=\"l-section wpb_row height_medium\"><div class=\"l-section-h i-cf\"><div class=\"g-cols vc_row via_flex valign_top type_default stacking_default\"><div class=\"vc_col-sm-12 wpb_column vc_column_container\"><div class=\"vc_column-inner\"><div class=\"wpb_wrapper\">[vc_custom_heading text=&#8221;fide-Test&#8221; font_container=&#8221;tag:h3|text_align:left&#8221; use_theme_fonts=&#8221;yes&#8221;]<div class=\"wpb_text_column\"><div class=\"wpb_wrapper\"><p>F\u00fcr eine berufliche und gesellschaftliche Integration in der Schweiz ist die Beherrschung der hiesigen Sprache der Schl\u00fcssel.<\/p>\n<p>Der fide-Test gibt Ihnen die M\u00f6glichkeit, Ihre Deutschkompetenzen nachzuweisen. Der Test wird von allen Beh\u00f6rden anerkannt und besteht aus zwei Teilen:<\/p>\n<ul>\n<li>Sprechen und Verstehen<\/li>\n<li>Lesen und Schreiben<\/li>\n<\/ul>\n<p>Ihre Deutschkenntnisse werden aufgrund der Resultate den Niveaus A1, A2 oder B1 gem\u00e4ss dem Gemeinsamen Europ\u00e4ischen Referenzrahmen f\u00fcr Sprachen (GER) zugeordnet. Die Pr\u00fcfungsergebnisse der m\u00fcndlichen und schriftlichen F\u00e4higkeiten werden separat ausgewiesen.<\/p>\n<p>Sie k\u00f6nnen sich f\u00fcr den gesamten fide-Test oder nur f\u00fcr den schriftlichen oder den m\u00fcndlichen Teil anmelden.<\/p>\n<p>Am Pr\u00fcfungstag muss ein g\u00fcltiger Ausweis mitgebracht werden. Das Pr\u00fcfungsergebnis und den Sprachenpass bekommen Sie innert vier Wochen per Post direkt von der Gesch\u00e4ftsstelle fide.<\/p>\n<\/div><\/div><div class=\"w-iconbox us_custom_0a440422 has_text_color iconpos_left style_default color_contrast align_left no_text\"><a target=\"_blank\" rel=\"nofollow\" href=\"\/wp-content\/uploads\/prices\/en\/fide_2026.pdf\" class=\"w-iconbox-link\" aria-label=\"Flyer fide 2026\"><div class=\"w-iconbox-icon\" style=\"font-size:1.5rem;\"><i class=\"fas fa-file-pdf\"><\/i><\/div><\/a><div class=\"w-iconbox-meta\"><p class=\"w-iconbox-title\"><a target=\"_blank\" rel=\"nofollow\" href=\"\/wp-content\/uploads\/prices\/en\/fide_2026.pdf\" class=\"w-iconbox-link\" aria-label=\"Flyer fide 2026\">Flyer fide 2026<\/a><\/p><\/div><\/div><div class=\"w-iconbox us_custom_0a440422 has_text_color iconpos_left style_default color_contrast align_left no_text\"><a target=\"_blank\" rel=\"nofollow\" href=\"https:\/\/fide-service.ch\/\" class=\"w-iconbox-link\" aria-label=\"Mehr Informationen auf fide-service.ch\"><div class=\"w-iconbox-icon\" style=\"font-size:1.5rem;\"><i class=\"fas fa-external-link-square-alt\"><\/i><\/div><\/a><div class=\"w-iconbox-meta\"><p class=\"w-iconbox-title\"><a target=\"_blank\" rel=\"nofollow\" href=\"https:\/\/fide-service.ch\/\" class=\"w-iconbox-link\" aria-label=\"Mehr Informationen auf fide-service.ch\">Mehr Informationen auf fide-service.ch<\/a><\/p><\/div><\/div>[vc_custom_heading text=&#8221;Termine&#8221; font_container=&#8221;tag:h4|text_align:left&#8221; use_theme_fonts=&#8221;yes&#8221;][vc_custom_heading text=&#8221;2026&#8243; font_container=&#8221;tag:h5|text_align:left&#8221; use_theme_fonts=&#8221;yes&#8221;]<div class=\"wpb_text_column\"><div class=\"wpb_wrapper\"><p><strong>4.-5.6. <\/strong>(An- \/ Abmeldefrist: 13.5.)<\/p>\n<p><strong>18.-19.6. <\/strong>(An- \/ Abmeldefrist: 28.5.)<\/p>\n<p><strong>23.-24.7.\u00a0<\/strong>(An- \/ Abmeldefrist: 2.7.)<\/p>\n<p><strong>13.-14.8.\u00a0<\/strong>(An- \/ Abmeldefrist: 23.7.)<\/p>\n<p><strong>27.-28.8.\u00a0<\/strong>(An- \/ Abmeldefrist: 6.8.)<\/p>\n<p><strong>17.-18.9.\u00a0<\/strong>(An- \/ Abmeldefrist: 27.8.)<\/p>\n<p><strong>1.-2.10. <\/strong>(An- \/ Abmeldefrist: 10.9.)<\/p>\n<p><strong>15.-16.10.\u00a0<\/strong>(An- \/ Abmeldefrist: 24.9.)<\/p>\n<p><strong>5.-6.11.\u00a0<\/strong>(An- \/ Abmeldefrist: 15.10.)<\/p>\n<p><strong>26.-27.11.\u00a0<\/strong>(An- \/ Abmeldefrist: 5.11.)<\/p>\n<p><strong>10.-11.12.\u00a0<\/strong>(An- \/ Abmeldefrist: 19.11.)<\/p>\n<\/div><\/div>[vc_custom_heading text=&#8221;Testdauer&#8221; font_container=&#8221;tag:h4|text_align:left&#8221; use_theme_fonts=&#8221;yes&#8221;]<div class=\"wpb_text_column\"><div class=\"wpb_wrapper\"><ul>\n<li>Teil <em>Sprechen und Verstehen<\/em> dauert 40 Minuten<\/li>\n<li>Teil <em>Lesen und Schreiben<\/em> dauert 60 Minuten + 15 Minuten Einf\u00fchrung<\/li>\n<\/ul>\n<\/div><\/div>[vc_custom_heading text=&#8221;Kosten&#8221; font_container=&#8221;tag:h4|text_align:left&#8221; use_theme_fonts=&#8221;yes&#8221;]<div class=\"wpb_text_column\"><div class=\"wpb_wrapper\"><ul>\n<li>Der ganze Test kostet CHF 250.00.<\/li>\n<li>Nur der Teil <em>Sprechen und verstehen<\/em> kostet CHF 170.00.<\/li>\n<li>Nur der Teil <em>Lesen und Schreiben<\/em> kostet CHF 120.00.<\/li>\n<\/ul>\n<\/div><\/div>[vc_custom_heading text=&#8221;Ort&#8221; font_container=&#8221;tag:h4|text_align:left&#8221; use_theme_fonts=&#8221;yes&#8221;]<div class=\"wpb_text_column\"><div class=\"wpb_wrapper\"><p>Glockengasse 4, 4051 Basel<\/p>\n<\/div><\/div><div class=\"w-iconbox us_custom_0a440422 has_text_color iconpos_left style_default color_contrast align_left no_text\"><a target=\"_blank\" rel=\"nofollow\" href=\"https:\/\/www.google.com\/maps\/place\/Glockengasse+4,+4051+Basel\/@47.5578809,7.5866813,18.55z\" class=\"w-iconbox-link\" aria-label=\"In Google Maps anzeigen\"><div class=\"w-iconbox-icon\" style=\"font-size:1.5rem;\"><i class=\"fas fa-external-link-square-alt\"><\/i><\/div><\/a><div class=\"w-iconbox-meta\"><p class=\"w-iconbox-title\"><a target=\"_blank\" rel=\"nofollow\" href=\"https:\/\/www.google.com\/maps\/place\/Glockengasse+4,+4051+Basel\/@47.5578809,7.5866813,18.55z\" class=\"w-iconbox-link\" aria-label=\"In Google Maps anzeigen\">In Google Maps anzeigen<\/a><\/p><\/div><\/div>[vc_custom_heading text=&#8221;Anmelde- und R\u00fccktrittsbedingungen&#8221; font_container=&#8221;tag:h4|text_align:left&#8221; use_theme_fonts=&#8221;yes&#8221;]<div class=\"wpb_text_column\"><div class=\"wpb_wrapper\"><p>Um sich anzumelden, bringen Sie bitte folgende Unterlagen an unseren Empfang an der Dufourstr. 50, 4052 Basel:<\/p>\n<ul>\n<li>Ausgef\u00fclltes und unterschriebenes Anmeldeformular<\/li>\n<li>Ihre aktuelle Schweizer Aufenthaltsbewilligung<\/li>\n<li>Bezahlung der Pr\u00fcfungsgeb\u00fchren (Kredit-\/Debitkarte, Zahlungsbest\u00e4tigung vom RAV, Sozialdienst\u2026)<\/li>\n<\/ul>\n<p>Eine Stornierung oder Verschiebung Ihrer Pr\u00fcfung ist bis drei Wochen vor dem Pr\u00fcfungsdatum geb\u00fchrenfrei m\u00f6glich. Nach diesem Datum verf\u00e4llt die Pr\u00fcfungsgeb\u00fchr zu 100 %, eine R\u00fcckerstattung ist nicht m\u00f6glich.<\/p>\n<\/div><\/div><div class=\"w-iconbox us_custom_0a440422 has_text_color iconpos_left style_default color_contrast align_left no_text\"><a target=\"_blank\" rel=\"nofollow\" href=\"\/wp-content\/uploads\/fide_anmeldung.pdf\" class=\"w-iconbox-link\" aria-label=\"Anmeldeformular f\u00fcr fide-Test\"><div class=\"w-iconbox-icon\" style=\"font-size:1.5rem;\"><i class=\"fas fa-file-pdf\"><\/i><\/div><\/a><div class=\"w-iconbox-meta\"><p class=\"w-iconbox-title\"><a target=\"_blank\" rel=\"nofollow\" href=\"\/wp-content\/uploads\/fide_anmeldung.pdf\" class=\"w-iconbox-link\" aria-label=\"Anmeldeformular f\u00fcr fide-Test\">Anmeldeformular f\u00fcr fide-Test<\/a><\/p><\/div><\/div>[vc_custom_heading text=&#8221;Reglement&#8221; font_container=&#8221;tag:h4|text_align:left&#8221; use_theme_fonts=&#8221;yes&#8221;]<div class=\"wpb_text_column\"><div class=\"wpb_wrapper\"><p>Das Reglement zur Teilnahme am fide-Test finden Sie hier:<\/p>\n<\/div><\/div><div class=\"w-iconbox us_custom_0a440422 has_text_color iconpos_left style_default color_contrast align_left no_text\"><a target=\"_blank\" rel=\"nofollow\" href=\"https:\/\/fide-service.ch\/doc\/4787\/fideDE_ReglementFideTest.pdf\" class=\"w-iconbox-link\" aria-label=\"Reglement f\u00fcr fide-Test auf fide-service.ch\"><div class=\"w-iconbox-icon\" style=\"font-size:1.5rem;\"><i class=\"fas fa-external-link-square-alt\"><\/i><\/div><\/a><div class=\"w-iconbox-meta\"><p class=\"w-iconbox-title\"><a target=\"_blank\" rel=\"nofollow\" href=\"https:\/\/fide-service.ch\/doc\/4787\/fideDE_ReglementFideTest.pdf\" class=\"w-iconbox-link\" aria-label=\"Reglement f\u00fcr fide-Test auf fide-service.ch\">Reglement f\u00fcr fide-Test auf fide-service.ch<\/a><\/p><\/div><\/div>[vc_custom_heading text=&#8221;Modelltest&#8221; font_container=&#8221;tag:h4|text_align:left&#8221; use_theme_fonts=&#8221;yes&#8221;]<div class=\"wpb_text_column\"><div class=\"wpb_wrapper\"><p>Den Modelltest finden Sie hier:<\/p>\n<\/div><\/div><div class=\"w-iconbox us_custom_0a440422 has_text_color iconpos_left style_default color_contrast align_left no_text\"><a target=\"_blank\" rel=\"nofollow\" href=\"https:\/\/fide-service.ch\/doc\/220\/fideDE_FideTestModellversion.zip\" class=\"w-iconbox-link\" aria-label=\"Modelltest f\u00fcr fide-Test auf fide-service.ch\"><div class=\"w-iconbox-icon\" style=\"font-size:1.5rem;\"><i class=\"fas fa-external-link-square-alt\"><\/i><\/div><\/a><div class=\"w-iconbox-meta\"><p class=\"w-iconbox-title\"><a target=\"_blank\" rel=\"nofollow\" href=\"https:\/\/fide-service.ch\/doc\/220\/fideDE_FideTestModellversion.zip\" class=\"w-iconbox-link\" aria-label=\"Modelltest f\u00fcr fide-Test auf fide-service.ch\">Modelltest f\u00fcr fide-Test auf fide-service.ch<\/a><\/p><\/div><\/div><div class=\"wpb_text_column\"><div class=\"wpb_wrapper\"><\/div><\/div><\/div><\/div><\/div><\/div><\/div><\/section><section class=\"l-section wpb_row height_medium\"><div class=\"l-section-h i-cf\"><div class=\"g-cols vc_row via_flex valign_top type_default stacking_default\"><div class=\"vc_col-sm-12 wpb_column vc_column_container\"><div class=\"vc_column-inner\"><div class=\"wpb_wrapper\">[vc_custom_heading text=&#8221;Pers\u00f6nliche Beratung&#8221; font_container=&#8221;tag:h3|text_align:left&#8221; use_theme_fonts=&#8221;yes&#8221;]<div class=\"wpb_text_column\"><div class=\"wpb_wrapper\"><p>Gerne nehmen wir uns Zeit f\u00fcr Ihre pers\u00f6nliche Beratung und beantworten Ihre Fragen bez\u00fcglich unserer telc- \/ fide-Angebote.<\/p>\n<\/div><\/div><div class=\"g-cols wpb_row via_flex valign_top type_default stacking_default\"><div class=\"vc_col-sm-6 wpb_column vc_column_container\"><div class=\"vc_column-inner\"><div class=\"wpb_wrapper\"><div class=\"w-person us_custom_214cff5d layout_cards\" itemscope itemtype=\"https:\/\/schema.org\/Person\"><div class=\"w-person-image\"><a href=\"https:\/\/inlingua-basel.ch\/kontakt\/?subject=telc+\/+fide+Supervisor\" class=\"w-person-link\" aria-label=\"Astrid Bachmann\"><img loading=\"lazy\" decoding=\"async\" width=\"283\" height=\"359\" src=\"https:\/\/inlingua-basel.ch\/wp-content\/uploads\/team_astrid.png\" class=\"attachment-full size-full\" alt=\"\" itemprop=\"image\" srcset=\"https:\/\/inlingua-basel.ch\/wp-content\/uploads\/team_astrid.png 283w, https:\/\/inlingua-basel.ch\/wp-content\/uploads\/team_astrid-236x300.png 236w\" sizes=\"auto, (max-width: 283px) 100vw, 283px\" \/><\/a><\/div><div class=\"w-person-content\"><h4 itemprop=\"name\" class=\"w-person-name\"><a href=\"https:\/\/inlingua-basel.ch\/kontakt\/?subject=telc+\/+fide+Supervisor\" class=\"w-person-link\" aria-label=\"Astrid Bachmann\"><span>Astrid Bachmann<\/span><\/a><\/h4><div class=\"w-person-role\" itemprop=\"jobTitle\">telc \/ fide Supervisor<\/div><\/div><\/div><\/div><\/div><\/div><div class=\"vc_col-sm-6 wpb_column vc_column_container\"><div class=\"vc_column-inner\"><div class=\"wpb_wrapper\"><div class=\"w-person us_custom_214cff5d layout_cards\" itemscope itemtype=\"https:\/\/schema.org\/Person\"><div class=\"w-person-image\"><a href=\"https:\/\/inlingua-basel.ch\/kontakt\/?subject=telc+\/+fide+Coordinator\" class=\"w-person-link\" aria-label=\"Emma Kidger\"><img loading=\"lazy\" decoding=\"async\" width=\"283\" height=\"359\" src=\"https:\/\/inlingua-basel.ch\/wp-content\/uploads\/team_emma.png\" class=\"attachment-full size-full\" alt=\"\" itemprop=\"image\" srcset=\"https:\/\/inlingua-basel.ch\/wp-content\/uploads\/team_emma.png 283w, https:\/\/inlingua-basel.ch\/wp-content\/uploads\/team_emma-236x300.png 236w\" sizes=\"auto, (max-width: 283px) 100vw, 283px\" \/><\/a><\/div><div class=\"w-person-content\"><h4 itemprop=\"name\" class=\"w-person-name\"><a href=\"https:\/\/inlingua-basel.ch\/kontakt\/?subject=telc+\/+fide+Coordinator\" class=\"w-person-link\" aria-label=\"Emma Kidger\"><span>Emma Kidger<\/span><\/a><\/h4><div class=\"w-person-role\" itemprop=\"jobTitle\">telc \/ fide Coordinator<\/div><\/div><\/div><\/div><\/div><\/div><\/div><\/div><\/div><\/div><\/div><\/div><\/section>\n","protected":false},"excerpt":{"rendered":"[vc_custom_heading text=\"inlingua Basel\" font_container=\"tag:h2|text_align:center\" use_theme_fonts=\"yes\" css=\"%7B%22default%22%3A%7B%22color%22%3A%22%23ffffff%22%7D%7D\"][vc_custom_heading text=\"fide\" font_container=\"tag:h1|text_align:center\" use_theme_fonts=\"yes\" css=\"%7B%22default%22%3A%7B%22color%22%3A%22%23ffffff%22%7D%7D\"][vc_custom_heading text=\"Basel speaks inlingua\" font_container=\"tag:h2|text_align:center\" use_theme_fonts=\"yes\" css=\"%7B%22default%22%3A%7B%22color%22%3A%22%23ffffff%22%7D%7D\"][vc_custom_heading text=\"fide-Test\" font_container=\"tag:h3|text_align:left\" use_theme_fonts=\"yes\"]F\u00fcr eine berufliche und gesellschaftliche Integration in der Schweiz ist die Beherrschung der hiesigen Sprache der Schl\u00fcssel. Der fide-Test gibt Ihnen die M\u00f6glichkeit, Ihre Deutschkompetenzen nachzuweisen. Der Test wird von allen Beh\u00f6rden anerkannt und besteht aus zwei...","protected":false},"author":1,"featured_media":0,"parent":3623,"menu_order":0,"comment_status":"closed","ping_status":"closed","template":"","meta":{"footnotes":""},"class_list":["post-3629","page","type-page","status-publish","hentry"],"_links":{"self":[{"href":"https:\/\/inlingua-basel.ch\/en\/wp-json\/wp\/v2\/pages\/3629","targetHints":{"allow":["GET"]}}],"collection":[{"href":"https:\/\/inlingua-basel.ch\/en\/wp-json\/wp\/v2\/pages"}],"about":[{"href":"https:\/\/inlingua-basel.ch\/en\/wp-json\/wp\/v2\/types\/page"}],"author":[{"embeddable":true,"href":"https:\/\/inlingua-basel.ch\/en\/wp-json\/wp\/v2\/users\/1"}],"replies":[{"embeddable":true,"href":"https:\/\/inlingua-basel.ch\/en\/wp-json\/wp\/v2\/comments?post=3629"}],"version-history":[{"count":3,"href":"https:\/\/inlingua-basel.ch\/en\/wp-json\/wp\/v2\/pages\/3629\/revisions"}],"predecessor-version":[{"id":3632,"href":"https:\/\/inlingua-basel.ch\/en\/wp-json\/wp\/v2\/pages\/3629\/revisions\/3632"}],"up":[{"embeddable":true,"href":"https:\/\/inlingua-basel.ch\/en\/wp-json\/wp\/v2\/pages\/3623"}],"wp:attachment":[{"href":"https:\/\/inlingua-basel.ch\/en\/wp-json\/wp\/v2\/media?parent=3629"}],"curies":[{"name":"wp","href":"https:\/\/api.w.org\/{rel}","templated":true}]}}